{"id":2431,"date":"2016-01-13T14:08:03","date_gmt":"2016-01-13T13:08:03","guid":{"rendered":"http:\/\/arestilandantza.com\/wordpress_b\/?page_id=2431"},"modified":"2024-12-10T13:22:43","modified_gmt":"2024-12-10T12:22:43","slug":"dantza-eskola","status":"publish","type":"page","link":"https:\/\/arestilandantza.com\/wordpress_b\/","title":{"rendered":"Inicio"},"content":{"rendered":"<!--themify_builder_content-->\n<div id=\"themify_builder_content-2431\" data-postid=\"2431\" class=\"themify_builder_content themify_builder_content-2431 themify_builder tf_clear\">\n                    <div  data-css_id=\"no6a777\" data-lazy=\"1\" class=\"module_row themify_builder_row fullwidth_row_container tb_no6a777 tb_first tf_w\">\n            <span class=\"builder_row_cover tf_abs\"><\/span>            <div class=\"row_inner col_align_top tb_col_count_1 tf_box tf_rel\">\n                        <div  data-lazy=\"1\" class=\"module_column tb-column col-full tb_vgpn777 first\">\n        <span class=\"builder_row_cover tf_abs\"><\/span>            <!-- module buttons -->\n<div  class=\"module module-buttons tb_dcz3777 buttons-horizontal solid  small squared\" data-lazy=\"1\">\n        <div class=\"module-buttons-item tf_in_flx\">\n                        <a href=\"https:\/\/arestilandantza.com\/wordpress_b\/hasiera\/\" class=\"ui builder_button tf_in_flx transparent\" >\n                                                EUSKERA                                        <\/a>\n                <\/div>\n            <\/div>\n<!-- \/module buttons -->\n        <\/div>\n                        <\/div>\n        <\/div>\n                        <div  data-css_id=\"l1hc613\" data-lazy=\"1\" class=\"module_row themify_builder_row fullheight fullwidth tb_l1hc613 tf_w hide-tablet hide-mobile\">\n            <span class=\"builder_row_cover tf_abs\"><\/span>            <div class=\"row_inner col_align_middle gutter-none tb_col_count_3 tf_box tf_rel\">\n                        <div  data-lazy=\"1\" class=\"module_column tb-column col3-1 tb_iujm613 first\" data-tbfullwidthvideo=\"https:\/\/arestilandantza.com\/wordpress_b\/wp-content\/uploads\/2020\/05\/18-19eskola.mp4\">\n                            <\/div>\n                    <div  data-lazy=\"1\" class=\"module_column tb-column col3-1 tb_f13j613\">\n                    <!-- module text -->\n<div  class=\"module module-text tb_sphh613   \" data-lazy=\"1\">\n        <div  class=\"tb_text_wrap\">\n        <h2>Bienvenida\/os a dantza eskola<\/h2>\n    <\/div>\n<\/div>\n<!-- \/module text --><!-- module text -->\n<div  class=\"module module-text tb_5kr4613   \" data-lazy=\"1\">\n        <div  class=\"tb_text_wrap\">\n        <div data-lazy=\"1\" data-auto=\"6000\" data-wrapvar=\"1\" data-thumbs=\"video-slider-1\" data-speed=\"500\" data-effect=\"scroll\"  data-pager=\"0\" data-slidernav=\"1\" class='loops-wrapper shortcode video slider slideshow-wrap tf_carousel tf_swiper-container tf_rel tf_overflow tf_clear'><div class=\"slideshow-wrap tf_swiper-wrapper tf_lazy tf_rel tf_w tf_h tf_textc\"><div class=\"tf_lazy tf_swiper-slide\">\n<article id=\"post-4103\" class=\"post tf_clearfix video-post post-4103 type-video status-publish has-post-thumbnail hentry video-category-portada has-post-title no-post-date has-post-category has-post-tag has-post-comment no-post-author \">\n\t\n\t\n\t\n\t\t\t\t\t\t\t\t\t\t\t<figure class=\"post-image thumb-src\" data-thumb=\"https:\/\/arestilandantza.com\/wordpress_b\/wp-content\/uploads\/2014\/03\/espaectaculo1819-b.jpg\">\n\n\t\t\t\t\t\t\t\t\t<a href=\"https:\/\/vimeo.com\/390948183?iframe=true&width=100%25&height=100%25\" class=\"themify_lightbox\"><img src=\"data:image\/svg+xml,%3Csvg%20xmlns=%27http:\/\/www.w3.org\/2000\/svg%27%20width='1912'%20height='732'%20viewBox=%270%200%201912%20732%27%3E%3C\/svg%3E\" loading=\"lazy\" data-lazy=\"1\" data-tf-not-load=\"1\" class=\"tf_svg_lazy\" style=\"background:linear-gradient(to right,#221414 25%,#40373c 25% 50%,#453c3d 50% 75%,#2e2d32 75%),linear-gradient(to right,#271918 25%,#4e4349 25% 50%,#524c4c 50% 75%,#3a383b 75%),linear-gradient(to right,#302021 25%,#574b59 25% 50%,#482e37 50% 75%,#6f395d 75%),linear-gradient(to right,#320710 25%,#aeb5bf 25% 50%,#636268 50% 75%,#4e422c 75%)\" decoding=\"async\" data-tf-src=\"https:\/\/arestilandantza.com\/wordpress_b\/wp-content\/uploads\/2014\/03\/espaectaculo1819-b.jpg\" width=\"400\" height=\"300\" title=\"Folk y Danzas Contempor\u00e1neas 2018-2019\" alt=\"Folk y Danzas Contempor\u00e1neas 2018-2019\"><noscript><img loading=\"lazy\" decoding=\"async\" data-tf-not-load src=\"https:\/\/arestilandantza.com\/wordpress_b\/wp-content\/uploads\/2014\/03\/espaectaculo1819-b.jpg\" width=\"400\" height=\"300\" title=\"Folk y Danzas Contempor\u00e1neas 2018-2019\" alt=\"Folk y Danzas Contempor\u00e1neas 2018-2019\"><\/noscript><span class=\"zoom\"><svg  aria-label=\"Zoom\" class=\"tf_fa tf-ti-search\" role=\"img\"><use href=\"#tf-ti-search\"><\/use><\/svg><\/span><\/a>\n\t\t\t\t\n\t\t\t<\/figure>\n\n\t\t\n\t\n\t\n\t<div class=\"post-content\">\n\n\t\t\n\t\t\n\t\t\t<h2 class=\"post-title entry-title\"><a href=\"https:\/\/vimeo.com\/390948183\" class=\"themify_lightbox\" >Folk y Danzas Contempor\u00e1neas 2018-2019<\/a><\/h2>\n\t\t\n\t\t\n\t\t        <div class=\"entry-content\">\n\n        \n        <\/div><!-- \/.entry-content -->\n        \n\t<\/div>\n\t<!-- \/.post-content -->\n\t\n<\/article>\n<!-- \/.post -->\n<\/div><div class=\"tf_lazy tf_swiper-slide\">\n<article id=\"post-4104\" class=\"post tf_clearfix video-post post-4104 type-video status-publish has-post-thumbnail hentry video-category-portada has-post-title no-post-date has-post-category has-post-tag has-post-comment no-post-author \">\n\t\n\t\n\t\n\t\t\t\t\t\t\t\t\t\t\t<figure class=\"post-image thumb-src\" data-thumb=\"https:\/\/arestilandantza.com\/wordpress_b\/wp-content\/uploads\/2014\/03\/espaectaculo1819.jpg\">\n\n\t\t\t\t\t\t\t\t\t<a href=\"https:\/\/vimeo.com\/390948413?iframe=true&width=100%25&height=100%25\" class=\"themify_lightbox\"><img src=\"data:image\/svg+xml,%3Csvg%20xmlns=%27http:\/\/www.w3.org\/2000\/svg%27%20width='1912'%20height='732'%20viewBox=%270%200%201912%20732%27%3E%3C\/svg%3E\" loading=\"lazy\" data-lazy=\"1\" data-tf-not-load=\"1\" class=\"tf_svg_lazy\" style=\"background:linear-gradient(to right,#4e3c54 25%,#563564 25% 50%,#3e416a 50% 75%,#393f4d 75%),linear-gradient(to right,#2b574a 25%,#3e4150 25% 50%,#54786e 50% 75%,#4e3e58 75%),linear-gradient(to right,#384848 25%,#354538 25% 50%,#37423a 50% 75%,#3f2a51 75%),linear-gradient(to right,#324b9d 25%,#558383 25% 50%,#31533a 50% 75%,#463c78 75%)\" decoding=\"async\" data-tf-src=\"https:\/\/arestilandantza.com\/wordpress_b\/wp-content\/uploads\/2014\/03\/espaectaculo1819.jpg\" width=\"400\" height=\"300\" title=\"Espect\u00e1culo 2018-2019\" alt=\"Espect\u00e1culo 2018-2019\"><noscript><img loading=\"lazy\" decoding=\"async\" data-tf-not-load src=\"https:\/\/arestilandantza.com\/wordpress_b\/wp-content\/uploads\/2014\/03\/espaectaculo1819.jpg\" width=\"400\" height=\"300\" title=\"Espect\u00e1culo 2018-2019\" alt=\"Espect\u00e1culo 2018-2019\"><\/noscript><\/a>\n\t\t\t\t\n\t\t\t<\/figure>\n\n\t\t\n\t\n\t\n\t<div class=\"post-content\">\n\n\t\t\n\t\t\n\t\t\t<h2 class=\"post-title entry-title\"><a href=\"https:\/\/arestilandantza.com\/wordpress_b\/video\/yuna-live-session\/\">Espect\u00e1culo 2018-2019<\/a><\/h2>\n\t\t\n\t\t\n\t\t        <div class=\"entry-content\">\n\n        \n        <\/div><!-- \/.entry-content -->\n        \n\t<\/div>\n\t<!-- \/.post-content -->\n\t\n<\/article>\n<!-- \/.post -->\n<\/div><div class=\"tf_lazy tf_swiper-slide\">\n<article id=\"post-4105\" class=\"post tf_clearfix video-post post-4105 type-video status-publish has-post-thumbnail hentry video-category-portada has-post-title no-post-date has-post-category has-post-tag has-post-comment no-post-author \">\n\t\n\t\n\t\n\t\t\t\t\t\t\t\t\t\t\t<figure class=\"post-image thumb-src\" data-thumb=\"https:\/\/arestilandantza.com\/wordpress_b\/wp-content\/uploads\/2014\/03\/flamenco.jpg\">\n\n\t\t\t\t\t\t\t\t\t<a href=\"https:\/\/vimeo.com\/390693899?iframe=true&width=100%25&height=100%25\" class=\"themify_lightbox\"><img src=\"data:image\/svg+xml,%3Csvg%20xmlns=%27http:\/\/www.w3.org\/2000\/svg%27%20width='1912'%20height='732'%20viewBox=%270%200%201912%20732%27%3E%3C\/svg%3E\" loading=\"lazy\" data-lazy=\"1\" data-tf-not-load=\"1\" class=\"tf_svg_lazy\" style=\"background:linear-gradient(to right,#000000 25%,#284445 25% 50%,#1d3a38 50% 75%,#000000 75%),linear-gradient(to right,#000000 25%,#2e4b49 25% 50%,#09322c 50% 75%,#000000 75%),linear-gradient(to right,#000000 25%,#152a2d 25% 50%,#010302 50% 75%,#000000 75%),linear-gradient(to right,#000000 25%,#06181a 25% 50%,#020607 50% 75%,#000000 75%)\" decoding=\"async\" data-tf-src=\"https:\/\/arestilandantza.com\/wordpress_b\/wp-content\/uploads\/2014\/03\/flamenco.jpg\" width=\"400\" height=\"300\" title=\"Flamenco y Danza Estilizada (Mar\u00eda Martin) 2018-2019\" alt=\"Flamenco y Danza Estilizada (Mar\u00eda Martin) 2018-2019\"><noscript><img loading=\"lazy\" decoding=\"async\" data-tf-not-load src=\"https:\/\/arestilandantza.com\/wordpress_b\/wp-content\/uploads\/2014\/03\/flamenco.jpg\" width=\"400\" height=\"300\" title=\"Flamenco y Danza Estilizada (Mar\u00eda Martin) 2018-2019\" alt=\"Flamenco y Danza Estilizada (Mar\u00eda Martin) 2018-2019\"><\/noscript><\/a>\n\t\t\t\t\n\t\t\t<\/figure>\n\n\t\t\n\t\n\t\n\t<div class=\"post-content\">\n\n\t\t\n\t\t\n\t\t\t<h2 class=\"post-title entry-title\"><a href=\"https:\/\/arestilandantza.com\/wordpress_b\/video\/swap-djs\/\">Flamenco y Danza Estilizada (Mar\u00eda Martin) 2018-2019<\/a><\/h2>\n\t\t\n\t\t\n\t\t        <div class=\"entry-content\">\n\n        \n        <\/div><!-- \/.entry-content -->\n        \n\t<\/div>\n\t<!-- \/.post-content -->\n\t\n<\/article>\n<!-- \/.post -->\n<\/div><\/div><\/div><div class=\"video-pager tf_rel tf_overflow tf_box\"><div data-lazy=\"1\" data-space=\"10\" data-nav_out=\"1\" data-speed=\"500\" data-height=\"auto\" data-visible=\"4\" data-scroll=\"4\" data-pager=\"0\" class=\"tf_carousel tf_swiper-container tf_rel tf_overflow video-slider-1\"><div class=\"slideshow-wrap tf_swiper-wrapper tf_lazy tf_rel tf_w tf_h\"><div class=\"tf_swiper-slide video-pager-thumb\"><img src=\"data:image\/svg+xml,%3Csvg%20xmlns=%27http:\/\/www.w3.org\/2000\/svg%27%20width='1912'%20height='732'%20viewBox=%270%200%201912%20732%27%3E%3C\/svg%3E\" loading=\"lazy\" data-lazy=\"1\" data-tf-not-load=\"1\" class=\"tf_svg_lazy\" style=\"background:linear-gradient(to right,#221414 25%,#40373c 25% 50%,#453c3d 50% 75%,#2e2d32 75%),linear-gradient(to right,#271918 25%,#4e4349 25% 50%,#524c4c 50% 75%,#3a383b 75%),linear-gradient(to right,#302021 25%,#574b59 25% 50%,#482e37 50% 75%,#6f395d 75%),linear-gradient(to right,#320710 25%,#aeb5bf 25% 50%,#636268 50% 75%,#4e422c 75%)\" decoding=\"async\" data-tf-src=\"https:\/\/arestilandantza.com\/wordpress_b\/wp-content\/uploads\/2014\/03\/espaectaculo1819-b.jpg\" width=\"400\" height=\"300\" title=\"Folk y Danzas Contempor\u00e1neas 2018-2019\" alt=\"Folk y Danzas Contempor\u00e1neas 2018-2019\"><noscript><img loading=\"lazy\" decoding=\"async\" data-tf-not-load src=\"https:\/\/arestilandantza.com\/wordpress_b\/wp-content\/uploads\/2014\/03\/espaectaculo1819-b.jpg\" width=\"400\" height=\"300\" title=\"Folk y Danzas Contempor\u00e1neas 2018-2019\" alt=\"Folk y Danzas Contempor\u00e1neas 2018-2019\"><\/noscript><\/div><div class=\"tf_swiper-slide video-pager-thumb\"><img src=\"data:image\/svg+xml,%3Csvg%20xmlns=%27http:\/\/www.w3.org\/2000\/svg%27%20width='1912'%20height='732'%20viewBox=%270%200%201912%20732%27%3E%3C\/svg%3E\" loading=\"lazy\" data-lazy=\"1\" data-tf-not-load=\"1\" class=\"tf_svg_lazy\" style=\"background:linear-gradient(to right,#4e3c54 25%,#563564 25% 50%,#3e416a 50% 75%,#393f4d 75%),linear-gradient(to right,#2b574a 25%,#3e4150 25% 50%,#54786e 50% 75%,#4e3e58 75%),linear-gradient(to right,#384848 25%,#354538 25% 50%,#37423a 50% 75%,#3f2a51 75%),linear-gradient(to right,#324b9d 25%,#558383 25% 50%,#31533a 50% 75%,#463c78 75%)\" decoding=\"async\" data-tf-src=\"https:\/\/arestilandantza.com\/wordpress_b\/wp-content\/uploads\/2014\/03\/espaectaculo1819.jpg\" width=\"400\" height=\"300\" title=\"Espect\u00e1culo 2018-2019\" alt=\"Espect\u00e1culo 2018-2019\"><noscript><img loading=\"lazy\" decoding=\"async\" data-tf-not-load src=\"https:\/\/arestilandantza.com\/wordpress_b\/wp-content\/uploads\/2014\/03\/espaectaculo1819.jpg\" width=\"400\" height=\"300\" title=\"Espect\u00e1culo 2018-2019\" alt=\"Espect\u00e1culo 2018-2019\"><\/noscript><\/div><div class=\"tf_swiper-slide video-pager-thumb\"><img src=\"data:image\/svg+xml,%3Csvg%20xmlns=%27http:\/\/www.w3.org\/2000\/svg%27%20width='1912'%20height='732'%20viewBox=%270%200%201912%20732%27%3E%3C\/svg%3E\" loading=\"lazy\" data-lazy=\"1\" data-tf-not-load=\"1\" class=\"tf_svg_lazy\" style=\"background:linear-gradient(to right,#000000 25%,#284445 25% 50%,#1d3a38 50% 75%,#000000 75%),linear-gradient(to right,#000000 25%,#2e4b49 25% 50%,#09322c 50% 75%,#000000 75%),linear-gradient(to right,#000000 25%,#152a2d 25% 50%,#010302 50% 75%,#000000 75%),linear-gradient(to right,#000000 25%,#06181a 25% 50%,#020607 50% 75%,#000000 75%)\" decoding=\"async\" data-tf-src=\"https:\/\/arestilandantza.com\/wordpress_b\/wp-content\/uploads\/2014\/03\/flamenco.jpg\" width=\"400\" height=\"300\" title=\"Flamenco y Danza Estilizada (Mar\u00eda Martin) 2018-2019\" alt=\"Flamenco y Danza Estilizada (Mar\u00eda Martin) 2018-2019\"><noscript><img loading=\"lazy\" decoding=\"async\" data-tf-not-load src=\"https:\/\/arestilandantza.com\/wordpress_b\/wp-content\/uploads\/2014\/03\/flamenco.jpg\" width=\"400\" height=\"300\" title=\"Flamenco y Danza Estilizada (Mar\u00eda Martin) 2018-2019\" alt=\"Flamenco y Danza Estilizada (Mar\u00eda Martin) 2018-2019\"><\/noscript><\/div><\/div><\/div><\/div>\n<hr>\n    <\/div>\n<\/div>\n<!-- \/module text --><!-- module text -->\n<div  class=\"module module-text tb_0rbg477   \" data-lazy=\"1\">\n        <div  class=\"tb_text_wrap\">\n        <h6>Filmados en: Teatro Campos El\u00edseos, Bilbao. Junio 2019.<\/h6>\n    <\/div>\n<\/div>\n<!-- \/module text -->        <\/div>\n                    <div  data-lazy=\"1\" class=\"module_column tb-column col3-1 tb_7kyy613 last\" data-tbfullwidthvideo=\"https:\/\/arestilandantza.com\/wordpress_b\/wp-content\/uploads\/2020\/05\/folk-contemp.mp4\">\n                            <\/div>\n                        <\/div>\n        <\/div>\n                        <div  data-css_id=\"lj67320\" data-lazy=\"1\" class=\"module_row themify_builder_row fullwidth tb_lj67320 tf_w hide-desktop hide-tablet_landscape\">\n            <span class=\"builder_row_cover tf_abs\"><\/span>            <div class=\"row_inner col_align_top tb_col_count_1 tf_box tf_rel\">\n                        <div  data-lazy=\"1\" class=\"module_column tb-column col-full tb_duiq320 first\">\n                    <!-- module text -->\n<div  class=\"module module-text tb_3k6b320   \" data-lazy=\"1\">\n        <div  class=\"tb_text_wrap\">\n        <h2>Bienvenida\/os a dantza eskola<\/h2>\n    <\/div>\n<\/div>\n<!-- \/module text --><!-- module text -->\n<div  class=\"module module-text tb_0d4i320   \" data-lazy=\"1\">\n        <div  class=\"tb_text_wrap\">\n        <div data-lazy=\"1\" data-auto=\"6000\" data-wrapvar=\"1\" data-thumbs=\"video-slider-2\" data-speed=\"500\" data-effect=\"scroll\"  data-pager=\"0\" data-slidernav=\"1\" class='loops-wrapper shortcode video slider slideshow-wrap tf_carousel tf_swiper-container tf_rel tf_overflow tf_clear'><div class=\"slideshow-wrap tf_swiper-wrapper tf_lazy tf_rel tf_w tf_h tf_textc\"><div class=\"tf_lazy tf_swiper-slide\">\n<article id=\"post-4103\" class=\"post tf_clearfix video-post post-4103 type-video status-publish has-post-thumbnail hentry video-category-portada has-post-title no-post-date has-post-category has-post-tag has-post-comment no-post-author \">\n\t\n\t\n\t\n\t\t\t\t\t\t\t\t\t\t\t<figure class=\"post-image thumb-src\" data-thumb=\"https:\/\/arestilandantza.com\/wordpress_b\/wp-content\/uploads\/2014\/03\/espaectaculo1819-b.jpg\">\n\n\t\t\t\t\t\t\t\t\t<a href=\"https:\/\/vimeo.com\/390948183?iframe=true&width=100%25&height=100%25\" class=\"themify_lightbox\"><img src=\"data:image\/svg+xml,%3Csvg%20xmlns=%27http:\/\/www.w3.org\/2000\/svg%27%20width='1912'%20height='732'%20viewBox=%270%200%201912%20732%27%3E%3C\/svg%3E\" loading=\"lazy\" data-lazy=\"1\" data-tf-not-load=\"1\" class=\"tf_svg_lazy\" style=\"background:linear-gradient(to right,#221414 25%,#40373c 25% 50%,#453c3d 50% 75%,#2e2d32 75%),linear-gradient(to right,#271918 25%,#4e4349 25% 50%,#524c4c 50% 75%,#3a383b 75%),linear-gradient(to right,#302021 25%,#574b59 25% 50%,#482e37 50% 75%,#6f395d 75%),linear-gradient(to right,#320710 25%,#aeb5bf 25% 50%,#636268 50% 75%,#4e422c 75%)\" decoding=\"async\" data-tf-src=\"https:\/\/arestilandantza.com\/wordpress_b\/wp-content\/uploads\/2014\/03\/espaectaculo1819-b.jpg\" width=\"400\" height=\"300\" title=\"Folk y Danzas Contempor\u00e1neas 2018-2019\" alt=\"Folk y Danzas Contempor\u00e1neas 2018-2019\"><noscript><img loading=\"lazy\" decoding=\"async\" data-tf-not-load src=\"https:\/\/arestilandantza.com\/wordpress_b\/wp-content\/uploads\/2014\/03\/espaectaculo1819-b.jpg\" width=\"400\" height=\"300\" title=\"Folk y Danzas Contempor\u00e1neas 2018-2019\" alt=\"Folk y Danzas Contempor\u00e1neas 2018-2019\"><\/noscript><span class=\"zoom\"><svg  aria-label=\"Zoom\" class=\"tf_fa tf-ti-search\" role=\"img\"><use href=\"#tf-ti-search\"><\/use><\/svg><\/span><\/a>\n\t\t\t\t\n\t\t\t<\/figure>\n\n\t\t\n\t\n\t\n\t<div class=\"post-content\">\n\n\t\t\n\t\t\n\t\t\t<h2 class=\"post-title entry-title\"><a href=\"https:\/\/vimeo.com\/390948183\" class=\"themify_lightbox\" >Folk y Danzas Contempor\u00e1neas 2018-2019<\/a><\/h2>\n\t\t\n\t\t\n\t\t        <div class=\"entry-content\">\n\n        \n        <\/div><!-- \/.entry-content -->\n        \n\t<\/div>\n\t<!-- \/.post-content -->\n\t\n<\/article>\n<!-- \/.post -->\n<\/div><div class=\"tf_lazy tf_swiper-slide\">\n<article id=\"post-4104\" class=\"post tf_clearfix video-post post-4104 type-video status-publish has-post-thumbnail hentry video-category-portada has-post-title no-post-date has-post-category has-post-tag has-post-comment no-post-author \">\n\t\n\t\n\t\n\t\t\t\t\t\t\t\t\t\t\t<figure class=\"post-image thumb-src\" data-thumb=\"https:\/\/arestilandantza.com\/wordpress_b\/wp-content\/uploads\/2014\/03\/espaectaculo1819.jpg\">\n\n\t\t\t\t\t\t\t\t\t<a href=\"https:\/\/vimeo.com\/390948413?iframe=true&width=100%25&height=100%25\" class=\"themify_lightbox\"><img src=\"data:image\/svg+xml,%3Csvg%20xmlns=%27http:\/\/www.w3.org\/2000\/svg%27%20width='1912'%20height='732'%20viewBox=%270%200%201912%20732%27%3E%3C\/svg%3E\" loading=\"lazy\" data-lazy=\"1\" data-tf-not-load=\"1\" class=\"tf_svg_lazy\" style=\"background:linear-gradient(to right,#4e3c54 25%,#563564 25% 50%,#3e416a 50% 75%,#393f4d 75%),linear-gradient(to right,#2b574a 25%,#3e4150 25% 50%,#54786e 50% 75%,#4e3e58 75%),linear-gradient(to right,#384848 25%,#354538 25% 50%,#37423a 50% 75%,#3f2a51 75%),linear-gradient(to right,#324b9d 25%,#558383 25% 50%,#31533a 50% 75%,#463c78 75%)\" decoding=\"async\" data-tf-src=\"https:\/\/arestilandantza.com\/wordpress_b\/wp-content\/uploads\/2014\/03\/espaectaculo1819.jpg\" width=\"400\" height=\"300\" title=\"Espect\u00e1culo 2018-2019\" alt=\"Espect\u00e1culo 2018-2019\"><noscript><img loading=\"lazy\" decoding=\"async\" data-tf-not-load src=\"https:\/\/arestilandantza.com\/wordpress_b\/wp-content\/uploads\/2014\/03\/espaectaculo1819.jpg\" width=\"400\" height=\"300\" title=\"Espect\u00e1culo 2018-2019\" alt=\"Espect\u00e1culo 2018-2019\"><\/noscript><\/a>\n\t\t\t\t\n\t\t\t<\/figure>\n\n\t\t\n\t\n\t\n\t<div class=\"post-content\">\n\n\t\t\n\t\t\n\t\t\t<h2 class=\"post-title entry-title\"><a href=\"https:\/\/arestilandantza.com\/wordpress_b\/video\/yuna-live-session\/\">Espect\u00e1culo 2018-2019<\/a><\/h2>\n\t\t\n\t\t\n\t\t        <div class=\"entry-content\">\n\n        \n        <\/div><!-- \/.entry-content -->\n        \n\t<\/div>\n\t<!-- \/.post-content -->\n\t\n<\/article>\n<!-- \/.post -->\n<\/div><div class=\"tf_lazy tf_swiper-slide\">\n<article id=\"post-4105\" class=\"post tf_clearfix video-post post-4105 type-video status-publish has-post-thumbnail hentry video-category-portada has-post-title no-post-date has-post-category has-post-tag has-post-comment no-post-author \">\n\t\n\t\n\t\n\t\t\t\t\t\t\t\t\t\t\t<figure class=\"post-image thumb-src\" data-thumb=\"https:\/\/arestilandantza.com\/wordpress_b\/wp-content\/uploads\/2014\/03\/flamenco.jpg\">\n\n\t\t\t\t\t\t\t\t\t<a href=\"https:\/\/vimeo.com\/390693899?iframe=true&width=100%25&height=100%25\" class=\"themify_lightbox\"><img src=\"data:image\/svg+xml,%3Csvg%20xmlns=%27http:\/\/www.w3.org\/2000\/svg%27%20width='1912'%20height='732'%20viewBox=%270%200%201912%20732%27%3E%3C\/svg%3E\" loading=\"lazy\" data-lazy=\"1\" data-tf-not-load=\"1\" class=\"tf_svg_lazy\" style=\"background:linear-gradient(to right,#000000 25%,#284445 25% 50%,#1d3a38 50% 75%,#000000 75%),linear-gradient(to right,#000000 25%,#2e4b49 25% 50%,#09322c 50% 75%,#000000 75%),linear-gradient(to right,#000000 25%,#152a2d 25% 50%,#010302 50% 75%,#000000 75%),linear-gradient(to right,#000000 25%,#06181a 25% 50%,#020607 50% 75%,#000000 75%)\" decoding=\"async\" data-tf-src=\"https:\/\/arestilandantza.com\/wordpress_b\/wp-content\/uploads\/2014\/03\/flamenco.jpg\" width=\"400\" height=\"300\" title=\"Flamenco y Danza Estilizada (Mar\u00eda Martin) 2018-2019\" alt=\"Flamenco y Danza Estilizada (Mar\u00eda Martin) 2018-2019\"><noscript><img loading=\"lazy\" decoding=\"async\" data-tf-not-load src=\"https:\/\/arestilandantza.com\/wordpress_b\/wp-content\/uploads\/2014\/03\/flamenco.jpg\" width=\"400\" height=\"300\" title=\"Flamenco y Danza Estilizada (Mar\u00eda Martin) 2018-2019\" alt=\"Flamenco y Danza Estilizada (Mar\u00eda Martin) 2018-2019\"><\/noscript><\/a>\n\t\t\t\t\n\t\t\t<\/figure>\n\n\t\t\n\t\n\t\n\t<div class=\"post-content\">\n\n\t\t\n\t\t\n\t\t\t<h2 class=\"post-title entry-title\"><a href=\"https:\/\/arestilandantza.com\/wordpress_b\/video\/swap-djs\/\">Flamenco y Danza Estilizada (Mar\u00eda Martin) 2018-2019<\/a><\/h2>\n\t\t\n\t\t\n\t\t        <div class=\"entry-content\">\n\n        \n        <\/div><!-- \/.entry-content -->\n        \n\t<\/div>\n\t<!-- \/.post-content -->\n\t\n<\/article>\n<!-- \/.post -->\n<\/div><\/div><\/div><div class=\"video-pager tf_rel tf_overflow tf_box\"><div data-lazy=\"1\" data-space=\"10\" data-nav_out=\"1\" data-speed=\"500\" data-height=\"auto\" data-visible=\"4\" data-scroll=\"4\" data-pager=\"0\" class=\"tf_carousel tf_swiper-container tf_rel tf_overflow video-slider-2\"><div class=\"slideshow-wrap tf_swiper-wrapper tf_lazy tf_rel tf_w tf_h\"><div class=\"tf_swiper-slide video-pager-thumb\"><img src=\"data:image\/svg+xml,%3Csvg%20xmlns=%27http:\/\/www.w3.org\/2000\/svg%27%20width='1912'%20height='732'%20viewBox=%270%200%201912%20732%27%3E%3C\/svg%3E\" loading=\"lazy\" data-lazy=\"1\" data-tf-not-load=\"1\" class=\"tf_svg_lazy\" style=\"background:linear-gradient(to right,#221414 25%,#40373c 25% 50%,#453c3d 50% 75%,#2e2d32 75%),linear-gradient(to right,#271918 25%,#4e4349 25% 50%,#524c4c 50% 75%,#3a383b 75%),linear-gradient(to right,#302021 25%,#574b59 25% 50%,#482e37 50% 75%,#6f395d 75%),linear-gradient(to right,#320710 25%,#aeb5bf 25% 50%,#636268 50% 75%,#4e422c 75%)\" decoding=\"async\" data-tf-src=\"https:\/\/arestilandantza.com\/wordpress_b\/wp-content\/uploads\/2014\/03\/espaectaculo1819-b.jpg\" width=\"400\" height=\"300\" title=\"Folk y Danzas Contempor\u00e1neas 2018-2019\" alt=\"Folk y Danzas Contempor\u00e1neas 2018-2019\"><noscript><img loading=\"lazy\" decoding=\"async\" data-tf-not-load src=\"https:\/\/arestilandantza.com\/wordpress_b\/wp-content\/uploads\/2014\/03\/espaectaculo1819-b.jpg\" width=\"400\" height=\"300\" title=\"Folk y Danzas Contempor\u00e1neas 2018-2019\" alt=\"Folk y Danzas Contempor\u00e1neas 2018-2019\"><\/noscript><\/div><div class=\"tf_swiper-slide video-pager-thumb\"><img src=\"data:image\/svg+xml,%3Csvg%20xmlns=%27http:\/\/www.w3.org\/2000\/svg%27%20width='1912'%20height='732'%20viewBox=%270%200%201912%20732%27%3E%3C\/svg%3E\" loading=\"lazy\" data-lazy=\"1\" data-tf-not-load=\"1\" class=\"tf_svg_lazy\" style=\"background:linear-gradient(to right,#4e3c54 25%,#563564 25% 50%,#3e416a 50% 75%,#393f4d 75%),linear-gradient(to right,#2b574a 25%,#3e4150 25% 50%,#54786e 50% 75%,#4e3e58 75%),linear-gradient(to right,#384848 25%,#354538 25% 50%,#37423a 50% 75%,#3f2a51 75%),linear-gradient(to right,#324b9d 25%,#558383 25% 50%,#31533a 50% 75%,#463c78 75%)\" decoding=\"async\" data-tf-src=\"https:\/\/arestilandantza.com\/wordpress_b\/wp-content\/uploads\/2014\/03\/espaectaculo1819.jpg\" width=\"400\" height=\"300\" title=\"Espect\u00e1culo 2018-2019\" alt=\"Espect\u00e1culo 2018-2019\"><noscript><img loading=\"lazy\" decoding=\"async\" data-tf-not-load src=\"https:\/\/arestilandantza.com\/wordpress_b\/wp-content\/uploads\/2014\/03\/espaectaculo1819.jpg\" width=\"400\" height=\"300\" title=\"Espect\u00e1culo 2018-2019\" alt=\"Espect\u00e1culo 2018-2019\"><\/noscript><\/div><div class=\"tf_swiper-slide video-pager-thumb\"><img src=\"data:image\/svg+xml,%3Csvg%20xmlns=%27http:\/\/www.w3.org\/2000\/svg%27%20width='1912'%20height='732'%20viewBox=%270%200%201912%20732%27%3E%3C\/svg%3E\" loading=\"lazy\" data-lazy=\"1\" data-tf-not-load=\"1\" class=\"tf_svg_lazy\" style=\"background:linear-gradient(to right,#000000 25%,#284445 25% 50%,#1d3a38 50% 75%,#000000 75%),linear-gradient(to right,#000000 25%,#2e4b49 25% 50%,#09322c 50% 75%,#000000 75%),linear-gradient(to right,#000000 25%,#152a2d 25% 50%,#010302 50% 75%,#000000 75%),linear-gradient(to right,#000000 25%,#06181a 25% 50%,#020607 50% 75%,#000000 75%)\" decoding=\"async\" data-tf-src=\"https:\/\/arestilandantza.com\/wordpress_b\/wp-content\/uploads\/2014\/03\/flamenco.jpg\" width=\"400\" height=\"300\" title=\"Flamenco y Danza Estilizada (Mar\u00eda Martin) 2018-2019\" alt=\"Flamenco y Danza Estilizada (Mar\u00eda Martin) 2018-2019\"><noscript><img loading=\"lazy\" decoding=\"async\" data-tf-not-load src=\"https:\/\/arestilandantza.com\/wordpress_b\/wp-content\/uploads\/2014\/03\/flamenco.jpg\" width=\"400\" height=\"300\" title=\"Flamenco y Danza Estilizada (Mar\u00eda Martin) 2018-2019\" alt=\"Flamenco y Danza Estilizada (Mar\u00eda Martin) 2018-2019\"><\/noscript><\/div><\/div><\/div><\/div>\n<hr>\n    <\/div>\n<\/div>\n<!-- \/module text --><!-- module text -->\n<div  class=\"module module-text tb_h1ma320   \" data-lazy=\"1\">\n        <div  class=\"tb_text_wrap\">\n        <h6>Filmados en: Teatro Campos El\u00edseos, Bilbao. Junio 2019.<\/h6>\n    <\/div>\n<\/div>\n<!-- \/module text -->        <\/div>\n                        <\/div>\n        <\/div>\n                        <div  data-desktop-padding=\"20px,20px\" data-parallax-bg=\"desktop\" data-css_id=\"rmqg336\" data-lazy=\"1\" class=\"module_row themify_builder_row fullwidth_row_container tb_rmqg336 tf_w\">\n                        <div class=\"row_inner col_align_top tb_col_count_1 tf_box tf_rel\">\n                        <div  data-lazy=\"1\" class=\"module_column tb-column col-full tb_tj2g338 first\">\n                    <!-- module text -->\n<div  class=\"module module-text tb_6lp4338   \" data-lazy=\"1\">\n        <div  class=\"tb_text_wrap\">\n        <p style=\"text-align: center;\">Andoni a sus Alumnos:<\/p>    <\/div>\n<\/div>\n<!-- \/module text --><div  class=\"module themify_builder_slider_wrap tf_clearfix module-slider tb_nr0o339  slider-default  \" data-lazy=\"1\">\n        <div class=\"themify_builder_slider tf_carousel tf_swiper-container tf_rel tf_overflow\" data-lazy=\"1\"        data-visible=\"1\"\n        data-tab-visible=\"1\"\n        data-mob-visible=\"1\"\n        data-scroll=\"1\"\n                        data-speed=\"1\"\n        data-wrapvar=\"0\"\n        data-slider_nav=\"1\"\n        data-pager=\"1\"\n        data-effect=\"fade\" \n        data-height=\"auto\"\n        data-css_url=\"https:\/\/arestilandantza.com\/wordpress_b\/wp-content\/themes\/event\/themify\/themify-builder\/css\/modules\/sliders\/carousel,https:\/\/arestilandantza.com\/wordpress_b\/wp-content\/themes\/event\/themify\/themify-builder\/css\/modules\/sliders\/slider\"\n                    >\n        <div class=\"tf_swiper-wrapper tf_lazy tf_rel tf_w tf_h tf_textc\">\n                 <div class=\"tf_swiper-slide\">            <div class=\"slide-inner-wrap\">\n                <div class=\"slide-content tb_text_wrap\">\n                    <p style=\"text-align: center;\"><span style=\"color: #515151;\">Aprend\u00ed a mirarme, a observarme, a descubrirme,<\/span><br><span style=\"color: #515151;\"> a sorprenderme y, sobre todo,<\/span><br><span style=\"color: #515151;\"> a aceptarme\u2026<\/span><\/p>                <\/div>\n            <\/div>\n        <\/div>             <div class=\"tf_swiper-slide\" style=\"content-visibility:hidden\">            <div class=\"slide-inner-wrap\">\n                <div class=\"slide-content tb_text_wrap\">\n                    <p style=\"text-align: center;\"><span style=\"color: #515151;\">Comenc\u00e9 a modelar, a expresar, a dise\u00f1ar y a plasmar\u2026<\/span><\/p>                <\/div>\n            <\/div>\n        <\/div>             <div class=\"tf_swiper-slide\" style=\"content-visibility:hidden\">            <div class=\"slide-inner-wrap\">\n                <div class=\"slide-content tb_text_wrap\">\n                    <p style=\"text-align: center;\"><span style=\"color: #515151;\">Descubr\u00ed la Armon\u00eda, la Fantas\u00eda, el Divertimento, la Iron\u00eda, la Lucha,<\/span><br><span style=\"color: #515151;\">el Entusiasmo, la Fuerza y el Coraje!<\/span><\/p>                <\/div>\n            <\/div>\n        <\/div>             <div class=\"tf_swiper-slide\" style=\"content-visibility:hidden\">            <div class=\"slide-inner-wrap\">\n                <div class=\"slide-content tb_text_wrap\">\n                    <p style=\"text-align: center;\"><span style=\"color: #515151;\">Hoy respiro, hablo, canto, grito y lloro a trav\u00e9s de mi danza&#8230;<\/span><\/p>                <\/div>\n            <\/div>\n        <\/div>             <div class=\"tf_swiper-slide\" style=\"content-visibility:hidden\">            <div class=\"slide-inner-wrap\">\n                <div class=\"slide-content tb_text_wrap\">\n                    <p style=\"text-align: center;\"><span style=\"color: #515151;\">&#8230;Puede ser un camino para conquistar la Armon\u00eda, la Serenidad \u2026<\/span><\/p>                <\/div>\n            <\/div>\n        <\/div>            <\/div>\n    <\/div>\n<\/div>\n        <\/div>\n                        <\/div>\n        <\/div>\n                        <div  data-desktop-padding=\"10%,10%\" data-css_id=\"qcrj118\" data-lazy=\"1\" class=\"module_row themify_builder_row fullwidth_row_container tb_qcrj118 tf_w hide-tablet hide-mobile\">\n            <span class=\"builder_row_cover tf_abs\"><\/span>            <div class=\"row_inner col_align_top tb_col_count_1 tf_box tf_rel\">\n                        <div  data-lazy=\"1\" class=\"module_column tb-column col-full tb_7lji120 first\">\n                    <!-- module text -->\n<div  class=\"module module-text tb_06fv120   \" data-lazy=\"1\">\n        <div  class=\"tb_text_wrap\">\n        <h1>Dantza Eskola<\/h1>    <\/div>\n<\/div>\n<!-- \/module text -->        <div  data-lazy=\"1\" class=\"module_subrow themify_builder_sub_row tf_w col_align_top tb_col_count_3 tb_hj5z121\">\n                <div  data-lazy=\"1\" class=\"module_column sub_column col3-1 tb_42sf122 first\">\n                    <!-- module text -->\n<div  class=\"module module-text tb_bdfj122   \" data-lazy=\"1\">\n        <div  class=\"tb_text_wrap\">\n        <p>Centro de formaci\u00f3n de profesionales de danza en diferentes especialidades donde adem\u00e1s, se imparten todas las dimensiones de la danza: art\u00edstica, educativa, terap\u00e9utica y de ocio.<\/p>    <\/div>\n<\/div>\n<!-- \/module text -->        <\/div>\n                    <div  data-lazy=\"1\" class=\"module_column sub_column col3-1 tb_epc2122\">\n                    <!-- module text -->\n<div  class=\"module module-text tb_te29123   \" data-lazy=\"1\">\n        <div  class=\"tb_text_wrap\">\n        <p>Un centro art\u00edstico dedicado a la ense\u00f1anza y difusi\u00f3n de la danza.\u00a0A trav\u00e9s de \u00e9sta\u00a0se pueden expresar emociones, sentimientos, desarrollar la imaginaci\u00f3n, la creatividad y la capacidad de comunicaci\u00f3n.<\/p>    <\/div>\n<\/div>\n<!-- \/module text -->        <\/div>\n                    <div  data-lazy=\"1\" class=\"module_column sub_column col3-1 tb_nleo123 last\">\n                    <!-- module text -->\n<div  class=\"module module-text tb_m9lo123   \" data-lazy=\"1\">\n        <div  class=\"tb_text_wrap\">\n        <p>En Dantza Eskola conjuramos\u00a0un espacio \u00fanico, tanto para la creaci\u00f3n de nuevos bailarines, como para acrecentar los conocimientos de profesionales de la danza a trav\u00e9s de cursos de reciclaje con grandes maestros.<\/p>    <\/div>\n<\/div>\n<!-- \/module text -->        <\/div>\n                    <\/div>\n                <\/div>\n                        <\/div>\n        <\/div>\n                        <div  data-desktop-padding=\"10%,10%\" data-css_id=\"g319534\" data-lazy=\"1\" class=\"module_row themify_builder_row fullwidth_row_container tb_g319534 tf_w hide-desktop hide-tablet_landscape\">\n            <span class=\"builder_row_cover tf_abs\"><\/span>            <div class=\"row_inner col_align_top tb_col_count_1 tf_box tf_rel\">\n                        <div  data-lazy=\"1\" class=\"module_column tb-column col-full tb_mq9z534 first\">\n                    <!-- module text -->\n<div  class=\"module module-text tb_53qo534   \" data-lazy=\"1\">\n        <div  class=\"tb_text_wrap\">\n        <h1>Dantza Eskola<\/h1>    <\/div>\n<\/div>\n<!-- \/module text --><!-- module text -->\n<div  class=\"module module-text tb_xhil446   \" data-lazy=\"1\">\n        <div  class=\"tb_text_wrap\">\n        <p>Centro de formaci\u00f3n de profesionales de danza en diferentes especialidades donde adem\u00e1s, se imparten todas las dimensiones de la danza: art\u00edstica, educativa, terap\u00e9utica y de ocio.<\/p>    <\/div>\n<\/div>\n<!-- \/module text --><!-- module text -->\n<div  class=\"module module-text tb_4sab899   \" data-lazy=\"1\">\n        <div  class=\"tb_text_wrap\">\n        <p>Un centro art\u00edstico dedicado a la ense\u00f1anza y difusi\u00f3n de la danza.\u00a0A trav\u00e9s de \u00e9sta\u00a0se pueden expresar emociones, sentimientos, desarrollar la imaginaci\u00f3n, la creatividad y la capacidad de comunicaci\u00f3n.<\/p>    <\/div>\n<\/div>\n<!-- \/module text --><!-- module text -->\n<div  class=\"module module-text tb_65wv787   \" data-lazy=\"1\">\n        <div  class=\"tb_text_wrap\">\n        <p>En Dantza Eskola conjuramos\u00a0un espacio \u00fanico, tanto para la creaci\u00f3n de nuevos bailarines, como para acrecentar los conocimientos de profesionales de la danza a trav\u00e9s de cursos de reciclaje con grandes maestros.<\/p>    <\/div>\n<\/div>\n<!-- \/module text -->        <\/div>\n                        <\/div>\n        <\/div>\n                        <div  data-desktop-padding=\"10%,11%\" data-parallax-bg=\"desktop\" data-css_id=\"t99t184\" data-lazy=\"1\" class=\"module_row themify_builder_row fullwidth_row_container tb_t99t184 tf_w hide-tablet hide-mobile\">\n            <span class=\"builder_row_cover tf_abs\"><\/span>            <div class=\"row_inner col_align_top tb_col_count_1 tf_box tf_rel\">\n                        <div  data-lazy=\"1\" class=\"module_column tb-column col-full tb_qgsl186 first\">\n        <span class=\"builder_row_cover tf_abs\"><\/span>            <!-- module text -->\n<div  class=\"module module-text tb_swyk46   \" data-lazy=\"1\">\n        <div  class=\"tb_text_wrap\">\n        <h1>Diversidad<\/h1>    <\/div>\n<\/div>\n<!-- \/module text -->        <div  data-lazy=\"1\" class=\"module_subrow themify_builder_sub_row tf_w col_align_top tb_col_count_2 tb_q76t427\">\n                <div  data-lazy=\"1\" class=\"module_column sub_column col4-2 tb_ef7i427 first\">\n                    <!-- module text -->\n<div  class=\"module module-text tb_gvc5387   \" data-lazy=\"1\">\n        <div  class=\"tb_text_wrap\">\n        <h4>DIVERSIDAD<\/h4>\n<p>Como centro privado, tenemos la libertad de dise\u00f1ar un proyecto de ense\u00f1anza propio basado en nuestra experiencia y recorrido art\u00edstico.<\/p>    <\/div>\n<\/div>\n<!-- \/module text -->        <\/div>\n                    <div  data-lazy=\"1\" class=\"module_column sub_column col4-2 tb_uid8428 last\">\n                    <!-- module text -->\n<div  class=\"module module-text tb_yjd725   \" data-lazy=\"1\">\n        <div  class=\"tb_text_wrap\">\n        <h4>DIVERSIDAD<\/h4>\n<p>Porque es multidisciplinar y\u00a0ofrecemos un amplio abanico a los alumnos que quieren encontrar, bien una formaci\u00f3n completa o la opci\u00f3n de elegir su estilo favorito.<\/p>    <\/div>\n<\/div>\n<!-- \/module text -->        <\/div>\n                    <\/div>\n                <div  data-lazy=\"1\" class=\"module_subrow themify_builder_sub_row tf_w col_align_top tb_col_count_2 tb_7kwl350\">\n                <div  data-lazy=\"1\" class=\"module_column sub_column col4-2 tb_fsho351 first\">\n                    <!-- module text -->\n<div  class=\"module module-text tb_otes352   \" data-lazy=\"1\">\n        <div  class=\"tb_text_wrap\">\n        <h4>DIVERSIDAD<\/h4>\n<p>Porque cualquier persona puede disfrutar de la danza.<\/p>    <\/div>\n<\/div>\n<!-- \/module text -->        <\/div>\n                    <div  data-lazy=\"1\" class=\"module_column sub_column col4-2 tb_4jpi352 last\">\n                    <!-- module text -->\n<div  class=\"module module-text tb_o3q3353   \" data-lazy=\"1\">\n        <div  class=\"tb_text_wrap\">\n        <h4>DIVERSIDAD<\/h4>\n<p>Porque cada alumno puede crecer en el nivel que le corresponde a su preparaci\u00f3n y objetivos.<\/p>    <\/div>\n<\/div>\n<!-- \/module text -->        <\/div>\n                    <\/div>\n                <\/div>\n                        <\/div>\n        <\/div>\n                        <div  data-desktop-padding=\"10%,11%\" data-parallax-bg=\"desktop\" data-css_id=\"lksp659\" data-lazy=\"1\" class=\"module_row themify_builder_row fullwidth_row_container tb_lksp659 tf_w hide-desktop hide-tablet_landscape\">\n            <span class=\"builder_row_cover tf_abs\"><\/span>            <div class=\"row_inner col_align_top tb_col_count_1 tf_box tf_rel\">\n                        <div  data-lazy=\"1\" class=\"module_column tb-column col4-2 tb_i9fv685 first\">\n        <span class=\"builder_row_cover tf_abs\"><\/span>            <!-- module text -->\n<div  class=\"module module-text tb_eink685   \" data-lazy=\"1\">\n        <div  class=\"tb_text_wrap\">\n        <h1>Diversidad<\/h1>    <\/div>\n<\/div>\n<!-- \/module text --><!-- module text -->\n<div  class=\"module module-text tb_yk35685   \" data-lazy=\"1\">\n        <div  class=\"tb_text_wrap\">\n        <h4>DIVERSIDAD<\/h4>\n<p>Como centro privado, tenemos la libertad de dise\u00f1ar un proyecto de ense\u00f1anza propio basado en nuestra experiencia y recorrido art\u00edstico.<\/p>    <\/div>\n<\/div>\n<!-- \/module text --><!-- module text -->\n<div  class=\"module module-text tb_m1uy685   \" data-lazy=\"1\">\n        <div  class=\"tb_text_wrap\">\n        <h4>DIVERSIDAD<\/h4>\n<p>Porque es multidisciplinar y\u00a0ofrecemos un amplio abanico a los alumnos que quieren encontrar, bien una formaci\u00f3n completa o la opci\u00f3n de elegir su estilo favorito.<\/p>    <\/div>\n<\/div>\n<!-- \/module text --><!-- module text -->\n<div  class=\"module module-text tb_i2wj685   \" data-lazy=\"1\">\n        <div  class=\"tb_text_wrap\">\n        <h4>DIVERSIDAD<\/h4>\n<p>Porque cualquier persona puede disfrutar de la danza.<\/p>    <\/div>\n<\/div>\n<!-- \/module text --><!-- module text -->\n<div  class=\"module module-text tb_ejfi685   \" data-lazy=\"1\">\n        <div  class=\"tb_text_wrap\">\n        <h4>DIVERSIDAD<\/h4>\n<p>Porque cada alumno puede crecer en el nivel que le corresponde a su preparaci\u00f3n y objetivos.<\/p>    <\/div>\n<\/div>\n<!-- \/module text -->        <\/div>\n                        <\/div>\n        <\/div>\n        <\/div>\n<!--\/themify_builder_content-->","protected":false},"excerpt":{"rendered":"<p>Bienvenida\/os a dantza eskola<\/p>\n","protected":false},"author":1,"featured_media":0,"parent":0,"menu_order":0,"comment_status":"closed","ping_status":"closed","template":"","meta":{"footnotes":""},"class_list":["post-2431","page","type-page","status-publish","hentry","has-post-title","has-post-date","has-post-category","has-post-tag","has-post-comment","has-post-author",""],"builder_content":"<a href=\"https:\/\/arestilandantza.com\/wordpress_b\/hasiera\/\" > EUSKERA <\/a>\n<h2>Bienvenida\/os a dantza eskola<\/h2>\n<p>[themify_video_posts limit=\"6\" category=\"portada\" style=\"slider\" auto=6 \u00a0 post_date=\"no\" post_meta=\"no\" image_h=\"300\" image_w=\"400\"]<\/p> <hr>\n<h6>Filmados en: Teatro Campos El\u00edseos, Bilbao. Junio 2019.<\/h6>\n<h2>Bienvenida\/os a dantza eskola<\/h2>\n<p>[themify_video_posts limit=\"6\" category=\"portada\" style=\"slider\" auto=6 \u00a0 post_date=\"no\" post_meta=\"no\" image_h=\"300\" image_w=\"400\"]<\/p> <hr>\n<h6>Filmados en: Teatro Campos El\u00edseos, Bilbao. Junio 2019.<\/h6>\n<p style=\"text-align: center;\">Andoni a sus Alumnos:<\/p>\n<p style=\"text-align: center;\">Aprend\u00ed a mirarme, a observarme, a descubrirme,<br> a sorprenderme y, sobre todo,<br> a aceptarme\u2026<\/p> <p style=\"text-align: center;\">Comenc\u00e9 a modelar, a expresar, a dise\u00f1ar y a plasmar\u2026<\/p> <p style=\"text-align: center;\">Descubr\u00ed la Armon\u00eda, la Fantas\u00eda, el Divertimento, la Iron\u00eda, la Lucha,<br>el Entusiasmo, la Fuerza y el Coraje!<\/p> <p style=\"text-align: center;\">Hoy respiro, hablo, canto, grito y lloro a trav\u00e9s de mi danza...<\/p> <p style=\"text-align: center;\">...Puede ser un camino para conquistar la Armon\u00eda, la Serenidad \u2026<\/p>\n<h1>Dantza Eskola<\/h1>\n<p>Centro de formaci\u00f3n de profesionales de danza en diferentes especialidades donde adem\u00e1s, se imparten todas las dimensiones de la danza: art\u00edstica, educativa, terap\u00e9utica y de ocio.<\/p>\n<p>Un centro art\u00edstico dedicado a la ense\u00f1anza y difusi\u00f3n de la danza.\u00a0A trav\u00e9s de \u00e9sta\u00a0se pueden expresar emociones, sentimientos, desarrollar la imaginaci\u00f3n, la creatividad y la capacidad de comunicaci\u00f3n.<\/p>\n<p>En Dantza Eskola conjuramos\u00a0un espacio \u00fanico, tanto para la creaci\u00f3n de nuevos bailarines, como para acrecentar los conocimientos de profesionales de la danza a trav\u00e9s de cursos de reciclaje con grandes maestros.<\/p>\n<h1>Dantza Eskola<\/h1>\n<p>Centro de formaci\u00f3n de profesionales de danza en diferentes especialidades donde adem\u00e1s, se imparten todas las dimensiones de la danza: art\u00edstica, educativa, terap\u00e9utica y de ocio.<\/p>\n<p>Un centro art\u00edstico dedicado a la ense\u00f1anza y difusi\u00f3n de la danza.\u00a0A trav\u00e9s de \u00e9sta\u00a0se pueden expresar emociones, sentimientos, desarrollar la imaginaci\u00f3n, la creatividad y la capacidad de comunicaci\u00f3n.<\/p>\n<p>En Dantza Eskola conjuramos\u00a0un espacio \u00fanico, tanto para la creaci\u00f3n de nuevos bailarines, como para acrecentar los conocimientos de profesionales de la danza a trav\u00e9s de cursos de reciclaje con grandes maestros.<\/p>\n<h1>Diversidad<\/h1>\n<h4>DIVERSIDAD<\/h4> <p>Como centro privado, tenemos la libertad de dise\u00f1ar un proyecto de ense\u00f1anza propio basado en nuestra experiencia y recorrido art\u00edstico.<\/p>\n<h4>DIVERSIDAD<\/h4> <p>Porque es multidisciplinar y\u00a0ofrecemos un amplio abanico a los alumnos que quieren encontrar, bien una formaci\u00f3n completa o la opci\u00f3n de elegir su estilo favorito.<\/p>\n<h4>DIVERSIDAD<\/h4> <p>Porque cualquier persona puede disfrutar de la danza.<\/p>\n<h4>DIVERSIDAD<\/h4> <p>Porque cada alumno puede crecer en el nivel que le corresponde a su preparaci\u00f3n y objetivos.<\/p>\n<h1>Diversidad<\/h1>\n<h4>DIVERSIDAD<\/h4> <p>Como centro privado, tenemos la libertad de dise\u00f1ar un proyecto de ense\u00f1anza propio basado en nuestra experiencia y recorrido art\u00edstico.<\/p>\n<h4>DIVERSIDAD<\/h4> <p>Porque es multidisciplinar y\u00a0ofrecemos un amplio abanico a los alumnos que quieren encontrar, bien una formaci\u00f3n completa o la opci\u00f3n de elegir su estilo favorito.<\/p>\n<h4>DIVERSIDAD<\/h4> <p>Porque cualquier persona puede disfrutar de la danza.<\/p>\n<h4>DIVERSIDAD<\/h4> <p>Porque cada alumno puede crecer en el nivel que le corresponde a su preparaci\u00f3n y objetivos.<\/p>","_links":{"self":[{"href":"https:\/\/arestilandantza.com\/wordpress_b\/wp-json\/wp\/v2\/pages\/2431","targetHints":{"allow":["GET"]}}],"collection":[{"href":"https:\/\/arestilandantza.com\/wordpress_b\/wp-json\/wp\/v2\/pages"}],"about":[{"href":"https:\/\/arestilandantza.com\/wordpress_b\/wp-json\/wp\/v2\/types\/page"}],"author":[{"embeddable":true,"href":"https:\/\/arestilandantza.com\/wordpress_b\/wp-json\/wp\/v2\/users\/1"}],"replies":[{"embeddable":true,"href":"https:\/\/arestilandantza.com\/wordpress_b\/wp-json\/wp\/v2\/comments?post=2431"}],"version-history":[{"count":138,"href":"https:\/\/arestilandantza.com\/wordpress_b\/wp-json\/wp\/v2\/pages\/2431\/revisions"}],"predecessor-version":[{"id":6196,"href":"https:\/\/arestilandantza.com\/wordpress_b\/wp-json\/wp\/v2\/pages\/2431\/revisions\/6196"}],"wp:attachment":[{"href":"https:\/\/arestilandantza.com\/wordpress_b\/wp-json\/wp\/v2\/media?parent=2431"}],"curies":[{"name":"wp","href":"https:\/\/api.w.org\/{rel}","templated":true}]}}